{"id":213181,"date":"2020-08-28T13:21:22","date_gmt":"2020-08-28T13:21:22","guid":{"rendered":"http:\/\/localhost:10069\/?page_id=213181"},"modified":"2023-10-09T21:48:16","modified_gmt":"2023-10-09T19:48:16","slug":"le-conseil-dadministration","status":"publish","type":"page","link":"https:\/\/manu-trelaze.com\/index.php\/lassociation\/le-conseil-dadministration\/","title":{"rendered":"Le Conseil d\u2019administration"},"content":{"rendered":"\n<p>Le premier conseil d\u2019administration a \u00e9t\u00e9 \u00e9lu le 13 mars 2019 et a \u00e9t\u00e9 renouvel\u00e9 partiellement le 17 d\u00e9cembre 2020<\/p>\n\n\n\n<p>Yves Bourrigault, repr\u00e9sentant du \u00ab&nbsp;Groupement de Commanditaires&nbsp;\u00bb<br>Ren\u00e9 Neau et Sandrine Prouteau, repr\u00e9sentants Association Angevine des Amis de l\u2019Architecture<br>(A3A)<br>Guy Thareau, repr\u00e9sentant les \u00ab&nbsp;Anciens des Allumettes&nbsp;\u00bb<br>Alain Sancereau, repr\u00e9sentant la \u00ab&nbsp;CLCV de Tr\u00e9laz\u00e9&nbsp;\u00bb<br>Pascal Reysset, repr\u00e9sentant la \u00ab&nbsp;Sauvegarde de l\u2019Anjou&nbsp;\u00bb<br>Jean Jacques Pigeon, repr\u00e9sentant l\u2019Association des Artistes R\u00e9sidents des Allumettes(AARA)<br>Gilles Ruffin, pr\u00e9sident de la CLCV de Tr\u00e9laz\u00e9<br>Bertrand Gilles, Pr\u00e9sident Chapelle Bel Air<br>Marie Th\u00e9r\u00e8se Utilsky, habitante<br>Patrick Bilien, groupe chevalement<\/p>\n","protected":false},"excerpt":{"rendered":"<p>Le premier conseil d\u2019administration a \u00e9t\u00e9 \u00e9lu le 13 mars 2019 et a \u00e9t\u00e9 renouvel\u00e9 partiellement le 17 d\u00e9cembre 2020 Yves Bourrigault, repr\u00e9sentant du \u00ab&nbsp;Groupement de Commanditaires&nbsp;\u00bbRen\u00e9 Neau et Sandrine Prouteau, repr\u00e9sentants Association Angevine des Amis de l\u2019Architecture(A3A)Guy Thareau, repr\u00e9sentant les \u00ab&nbsp;Anciens des Allumettes&nbsp;\u00bbAlain Sancereau, repr\u00e9sentant la \u00ab&nbsp;CLCV de Tr\u00e9laz\u00e9&nbsp;\u00bbPascal Reysset, repr\u00e9sentant la \u00ab&nbsp;Sauvegarde de [&hellip;]<\/p>\n","protected":false},"author":1,"featured_media":0,"parent":213173,"menu_order":0,"comment_status":"closed","ping_status":"closed","template":"","meta":{"_et_pb_use_builder":"off","_et_pb_old_content":"","_et_gb_content_width":""},"yoast_head":"<!-- This site is optimized with the Yoast SEO plugin v19.13 - https:\/\/yoast.com\/wordpress\/plugins\/seo\/ -->\n<title>Le Conseil d\u2019administration - Les Amis du Patrimoine Tr\u00e9laz\u00e9en<\/title>\n<meta name=\"robots\" content=\"index, follow, max-snippet:-1, max-image-preview:large, max-video-preview:-1\" \/>\n<link rel=\"canonical\" href=\"https:\/\/manu-trelaze.com\/index.php\/lassociation\/le-conseil-dadministration\/\" \/>\n<meta property=\"og:locale\" content=\"fr_FR\" \/>\n<meta property=\"og:type\" content=\"article\" \/>\n<meta property=\"og:title\" content=\"Le Conseil d\u2019administration - Les Amis du Patrimoine Tr\u00e9laz\u00e9en\" \/>\n<meta property=\"og:description\" content=\"Le premier conseil d\u2019administration a \u00e9t\u00e9 \u00e9lu le 13 mars 2019 et a \u00e9t\u00e9 renouvel\u00e9 partiellement le 17 d\u00e9cembre 2020 Yves Bourrigault, repr\u00e9sentant du \u00ab&nbsp;Groupement de Commanditaires&nbsp;\u00bbRen\u00e9 Neau et Sandrine Prouteau, repr\u00e9sentants Association Angevine des Amis de l\u2019Architecture(A3A)Guy Thareau, repr\u00e9sentant les \u00ab&nbsp;Anciens des Allumettes&nbsp;\u00bbAlain Sancereau, repr\u00e9sentant la \u00ab&nbsp;CLCV de Tr\u00e9laz\u00e9&nbsp;\u00bbPascal Reysset, repr\u00e9sentant la \u00ab&nbsp;Sauvegarde de [&hellip;]\" \/>\n<meta property=\"og:url\" content=\"https:\/\/manu-trelaze.com\/index.php\/lassociation\/le-conseil-dadministration\/\" \/>\n<meta property=\"og:site_name\" content=\"Les Amis du Patrimoine Tr\u00e9laz\u00e9en\" \/>\n<meta property=\"article:modified_time\" content=\"2023-10-09T19:48:16+00:00\" \/>\n<meta name=\"twitter:card\" content=\"summary_large_image\" \/>\n<meta name=\"twitter:label1\" content=\"Dur\u00e9e de lecture estim\u00e9e\" \/>\n\t<meta name=\"twitter:data1\" content=\"1 minute\" \/>\n<script type=\"application\/ld+json\" class=\"yoast-schema-graph\">{\"@context\":\"https:\/\/schema.org\",\"@graph\":[{\"@type\":\"WebPage\",\"@id\":\"https:\/\/manu-trelaze.com\/index.php\/lassociation\/le-conseil-dadministration\/\",\"url\":\"https:\/\/manu-trelaze.com\/index.php\/lassociation\/le-conseil-dadministration\/\",\"name\":\"Le Conseil d\u2019administration - Les Amis du Patrimoine Tr\u00e9laz\u00e9en\",\"isPartOf\":{\"@id\":\"https:\/\/manu-trelaze.com\/#website\"},\"datePublished\":\"2020-08-28T13:21:22+00:00\",\"dateModified\":\"2023-10-09T19:48:16+00:00\",\"breadcrumb\":{\"@id\":\"https:\/\/manu-trelaze.com\/index.php\/lassociation\/le-conseil-dadministration\/#breadcrumb\"},\"inLanguage\":\"fr-FR\",\"potentialAction\":[{\"@type\":\"ReadAction\",\"target\":[\"https:\/\/manu-trelaze.com\/index.php\/lassociation\/le-conseil-dadministration\/\"]}]},{\"@type\":\"BreadcrumbList\",\"@id\":\"https:\/\/manu-trelaze.com\/index.php\/lassociation\/le-conseil-dadministration\/#breadcrumb\",\"itemListElement\":[{\"@type\":\"ListItem\",\"position\":1,\"name\":\"Accueil\",\"item\":\"https:\/\/manu-trelaze.com\/\"},{\"@type\":\"ListItem\",\"position\":2,\"name\":\"L&rsquo;association\",\"item\":\"https:\/\/manu-trelaze.com\/index.php\/lassociation\/\"},{\"@type\":\"ListItem\",\"position\":3,\"name\":\"Le Conseil d\u2019administration\"}]},{\"@type\":\"WebSite\",\"@id\":\"https:\/\/manu-trelaze.com\/#website\",\"url\":\"https:\/\/manu-trelaze.com\/\",\"name\":\"Les Amis du Patrimoine Tr\u00e9laz\u00e9en\",\"description\":\"Les Amis du Patrimoine Tr\u00e9laz\u00e9en\",\"potentialAction\":[{\"@type\":\"SearchAction\",\"target\":{\"@type\":\"EntryPoint\",\"urlTemplate\":\"https:\/\/manu-trelaze.com\/?s={search_term_string}\"},\"query-input\":\"required name=search_term_string\"}],\"inLanguage\":\"fr-FR\"}]}<\/script>\n<!-- \/ Yoast SEO plugin. -->","yoast_head_json":{"title":"Le Conseil d\u2019administration - Les Amis du Patrimoine Tr\u00e9laz\u00e9en","robots":{"index":"index","follow":"follow","max-snippet":"max-snippet:-1","max-image-preview":"max-image-preview:large","max-video-preview":"max-video-preview:-1"},"canonical":"https:\/\/manu-trelaze.com\/index.php\/lassociation\/le-conseil-dadministration\/","og_locale":"fr_FR","og_type":"article","og_title":"Le Conseil d\u2019administration - Les Amis du Patrimoine Tr\u00e9laz\u00e9en","og_description":"Le premier conseil d\u2019administration a \u00e9t\u00e9 \u00e9lu le 13 mars 2019 et a \u00e9t\u00e9 renouvel\u00e9 partiellement le 17 d\u00e9cembre 2020 Yves Bourrigault, repr\u00e9sentant du \u00ab&nbsp;Groupement de Commanditaires&nbsp;\u00bbRen\u00e9 Neau et Sandrine Prouteau, repr\u00e9sentants Association Angevine des Amis de l\u2019Architecture(A3A)Guy Thareau, repr\u00e9sentant les \u00ab&nbsp;Anciens des Allumettes&nbsp;\u00bbAlain Sancereau, repr\u00e9sentant la \u00ab&nbsp;CLCV de Tr\u00e9laz\u00e9&nbsp;\u00bbPascal Reysset, repr\u00e9sentant la \u00ab&nbsp;Sauvegarde de [&hellip;]","og_url":"https:\/\/manu-trelaze.com\/index.php\/lassociation\/le-conseil-dadministration\/","og_site_name":"Les Amis du Patrimoine Tr\u00e9laz\u00e9en","article_modified_time":"2023-10-09T19:48:16+00:00","twitter_card":"summary_large_image","twitter_misc":{"Dur\u00e9e de lecture estim\u00e9e":"1 minute"},"schema":{"@context":"https:\/\/schema.org","@graph":[{"@type":"WebPage","@id":"https:\/\/manu-trelaze.com\/index.php\/lassociation\/le-conseil-dadministration\/","url":"https:\/\/manu-trelaze.com\/index.php\/lassociation\/le-conseil-dadministration\/","name":"Le Conseil d\u2019administration - Les Amis du Patrimoine Tr\u00e9laz\u00e9en","isPartOf":{"@id":"https:\/\/manu-trelaze.com\/#website"},"datePublished":"2020-08-28T13:21:22+00:00","dateModified":"2023-10-09T19:48:16+00:00","breadcrumb":{"@id":"https:\/\/manu-trelaze.com\/index.php\/lassociation\/le-conseil-dadministration\/#breadcrumb"},"inLanguage":"fr-FR","potentialAction":[{"@type":"ReadAction","target":["https:\/\/manu-trelaze.com\/index.php\/lassociation\/le-conseil-dadministration\/"]}]},{"@type":"BreadcrumbList","@id":"https:\/\/manu-trelaze.com\/index.php\/lassociation\/le-conseil-dadministration\/#breadcrumb","itemListElement":[{"@type":"ListItem","position":1,"name":"Accueil","item":"https:\/\/manu-trelaze.com\/"},{"@type":"ListItem","position":2,"name":"L&rsquo;association","item":"https:\/\/manu-trelaze.com\/index.php\/lassociation\/"},{"@type":"ListItem","position":3,"name":"Le Conseil d\u2019administration"}]},{"@type":"WebSite","@id":"https:\/\/manu-trelaze.com\/#website","url":"https:\/\/manu-trelaze.com\/","name":"Les Amis du Patrimoine Tr\u00e9laz\u00e9en","description":"Les Amis du Patrimoine Tr\u00e9laz\u00e9en","potentialAction":[{"@type":"SearchAction","target":{"@type":"EntryPoint","urlTemplate":"https:\/\/manu-trelaze.com\/?s={search_term_string}"},"query-input":"required name=search_term_string"}],"inLanguage":"fr-FR"}]}},"_links":{"self":[{"href":"https:\/\/manu-trelaze.com\/index.php\/wp-json\/wp\/v2\/pages\/213181"}],"collection":[{"href":"https:\/\/manu-trelaze.com\/index.php\/wp-json\/wp\/v2\/pages"}],"about":[{"href":"https:\/\/manu-trelaze.com\/index.php\/wp-json\/wp\/v2\/types\/page"}],"author":[{"embeddable":true,"href":"https:\/\/manu-trelaze.com\/index.php\/wp-json\/wp\/v2\/users\/1"}],"replies":[{"embeddable":true,"href":"https:\/\/manu-trelaze.com\/index.php\/wp-json\/wp\/v2\/comments?post=213181"}],"version-history":[{"count":1,"href":"https:\/\/manu-trelaze.com\/index.php\/wp-json\/wp\/v2\/pages\/213181\/revisions"}],"predecessor-version":[{"id":213727,"href":"https:\/\/manu-trelaze.com\/index.php\/wp-json\/wp\/v2\/pages\/213181\/revisions\/213727"}],"up":[{"embeddable":true,"href":"https:\/\/manu-trelaze.com\/index.php\/wp-json\/wp\/v2\/pages\/213173"}],"wp:attachment":[{"href":"https:\/\/manu-trelaze.com\/index.php\/wp-json\/wp\/v2\/media?parent=213181"}],"curies":[{"name":"wp","href":"https:\/\/api.w.org\/{rel}","templated":true}]}}