{"id":213713,"date":"2023-09-24T10:00:55","date_gmt":"2023-09-24T08:00:55","guid":{"rendered":"https:\/\/manu-trelaze.com\/?page_id=213713"},"modified":"2023-10-09T22:04:11","modified_gmt":"2023-10-09T20:04:11","slug":"les-cites-minieres-de-trelaze","status":"publish","type":"page","link":"https:\/\/manu-trelaze.com\/index.php\/les-cites-minieres-de-trelaze\/","title":{"rendered":"Les cit\u00e9s mini\u00e8res de Tr\u00e9laz\u00e9"},"content":{"rendered":"\n<p>Les mineurs et leur famille venant travailler \u00e0 Tr\u00e9laz\u00e9 arrivaient souvent de Bretagne. C\u2019\u00e9tait des gens tr\u00e8s pauvres et ils habitaient dans des maisons de fortune construites en schistes, regroup\u00e9es en hameaux \u00e0 proximit\u00e9 de leur mine et de leurs ateliers.<br>On retrouve encore les traces de ces hameaux \u00e0 la Por\u00e9e, \u00e0 l\u2019Enfer, \u00e0 l\u2019Union et surtout aux Favereaux ou celui \u00e7i a \u00e9t\u00e9 partiellement restaur\u00e9.<\/p>\n\n\n\n<figure class=\"wp-block-image size-large\"><img loading=\"lazy\" width=\"1024\" height=\"576\" src=\"https:\/\/manu-trelaze.com\/wp-content\/uploads\/2023\/09\/Favereaux-1024x576.jpg\" alt=\"\" class=\"wp-image-213721\" srcset=\"https:\/\/manu-trelaze.com\/wp-content\/uploads\/2023\/09\/Favereaux-1024x576.jpg 1024w, https:\/\/manu-trelaze.com\/wp-content\/uploads\/2023\/09\/Favereaux-980x551.jpg 980w, https:\/\/manu-trelaze.com\/wp-content\/uploads\/2023\/09\/Favereaux-480x270.jpg 480w\" sizes=\"(min-width: 0px) and (max-width: 480px) 480px, (min-width: 481px) and (max-width: 980px) 980px, (min-width: 981px) 1024px, 100vw\" \/><\/figure>\n\n\n\n<figure class=\"wp-block-image size-large\"><img loading=\"lazy\" width=\"1024\" height=\"768\" src=\"https:\/\/manu-trelaze.com\/wp-content\/uploads\/2023\/09\/Favereaux-2-1024x768.jpg\" alt=\"\" class=\"wp-image-213722\" srcset=\"https:\/\/manu-trelaze.com\/wp-content\/uploads\/2023\/09\/Favereaux-2-1024x768.jpg 1024w, https:\/\/manu-trelaze.com\/wp-content\/uploads\/2023\/09\/Favereaux-2-980x735.jpg 980w, https:\/\/manu-trelaze.com\/wp-content\/uploads\/2023\/09\/Favereaux-2-480x360.jpg 480w\" sizes=\"(min-width: 0px) and (max-width: 480px) 480px, (min-width: 481px) and (max-width: 980px) 980px, (min-width: 981px) 1024px, 100vw\" \/><\/figure>\n\n\n\n<p>Face \u00e0 ces conditions de logement tr\u00e8s d\u00e9grad\u00e9s et surpeupl\u00e9s les entreprises des ardoisi\u00e8res ont entrepris de construire des cit\u00e9s ouvri\u00e8res. On compte encore sur Tr\u00e9laz\u00e9 pr\u00e8s de 800 maisons des ardoisi\u00e8res sur plusieurs sites&nbsp;;<\/p>\n\n\n\n<p><br>1 Les Telli\u00e8res<br>C\u2019est la cit\u00e9 le plus abouti. Elle poss\u00e9dait une halle, un ch\u00e2teau d\u2019eau, des jardins<\/p>\n\n\n\n<p><\/p>\n\n\n\n<figure class=\"wp-block-image size-full\"><img loading=\"lazy\" width=\"662\" height=\"439\" src=\"https:\/\/manu-trelaze.com\/wp-content\/uploads\/2023\/09\/cite-ouvriere-tellieres-6fi4919.jpg\" alt=\"\" class=\"wp-image-213718\" srcset=\"https:\/\/manu-trelaze.com\/wp-content\/uploads\/2023\/09\/cite-ouvriere-tellieres-6fi4919.jpg 662w, https:\/\/manu-trelaze.com\/wp-content\/uploads\/2023\/09\/cite-ouvriere-tellieres-6fi4919-480x318.jpg 480w\" sizes=\"(min-width: 0px) and (max-width: 480px) 480px, (min-width: 481px) 662px, 100vw\" \/><\/figure>\n\n\n\n<figure class=\"wp-block-image size-full\"><img loading=\"lazy\" width=\"800\" height=\"511\" src=\"https:\/\/manu-trelaze.com\/wp-content\/uploads\/2023\/09\/r-Tellieres-7.jpg\" alt=\"\" class=\"wp-image-213723\" srcset=\"https:\/\/manu-trelaze.com\/wp-content\/uploads\/2023\/09\/r-Tellieres-7.jpg 800w, https:\/\/manu-trelaze.com\/wp-content\/uploads\/2023\/09\/r-Tellieres-7-480x307.jpg 480w\" sizes=\"(min-width: 0px) and (max-width: 480px) 480px, (min-width: 481px) 800px, 100vw\" \/><\/figure>\n\n\n\n<p><br>2 Saint Lezin<br>Elle est accroch\u00e9e \u00e0 sa chapelle mais ses commerces ont disparus tout comme les jardins potagers.<\/p>\n\n\n\n<p><br><\/p>\n\n\n\n<figure class=\"wp-block-image size-large\"><img loading=\"lazy\" width=\"1024\" height=\"683\" src=\"https:\/\/manu-trelaze.com\/wp-content\/uploads\/2023\/09\/Chapelle-saint-Lezin-1-1024x683.jpg\" alt=\"\" class=\"wp-image-213716\" srcset=\"https:\/\/manu-trelaze.com\/wp-content\/uploads\/2023\/09\/Chapelle-saint-Lezin-1-1024x683.jpg 1024w, https:\/\/manu-trelaze.com\/wp-content\/uploads\/2023\/09\/Chapelle-saint-Lezin-1-980x653.jpg 980w, https:\/\/manu-trelaze.com\/wp-content\/uploads\/2023\/09\/Chapelle-saint-Lezin-1-480x320.jpg 480w\" sizes=\"(min-width: 0px) and (max-width: 480px) 480px, (min-width: 481px) and (max-width: 980px) 980px, (min-width: 981px) 1024px, 100vw\" \/><\/figure>\n\n\n\n<p><br>3 Petit Bois<br>Un quartier homog\u00e8ne bien situ\u00e9 au centre de la commune<\/p>\n\n\n\n<p><br><\/p>\n\n\n\n<figure class=\"wp-block-image size-large\"><img loading=\"lazy\" width=\"1024\" height=\"768\" src=\"https:\/\/manu-trelaze.com\/wp-content\/uploads\/2023\/09\/Le-Petit-Bois-Avant-1024x768.jpg\" alt=\"\" class=\"wp-image-213717\" srcset=\"https:\/\/manu-trelaze.com\/wp-content\/uploads\/2023\/09\/Le-Petit-Bois-Avant-1024x768.jpg 1024w, https:\/\/manu-trelaze.com\/wp-content\/uploads\/2023\/09\/Le-Petit-Bois-Avant-980x735.jpg 980w, https:\/\/manu-trelaze.com\/wp-content\/uploads\/2023\/09\/Le-Petit-Bois-Avant-480x360.jpg 480w\" sizes=\"(min-width: 0px) and (max-width: 480px) 480px, (min-width: 481px) and (max-width: 980px) 980px, (min-width: 981px) 1024px, 100vw\" \/><\/figure>\n\n\n\n<p><br>4 Petite Bretagne<br>Dans le bourg de Tr\u00e9laz\u00e9<\/p>\n\n\n\n<figure class=\"wp-block-image size-large\"><img loading=\"lazy\" width=\"955\" height=\"1024\" src=\"https:\/\/manu-trelaze.com\/wp-content\/uploads\/2023\/09\/Bourg-Gene-1950-955x1024.jpg\" alt=\"\" class=\"wp-image-213720\"\/><\/figure>\n\n\n\n<p><br>5 Bel Air<br>A proximit\u00e9 de la Chapelle<br><\/p>\n\n\n\n<figure class=\"wp-block-image size-large\"><img loading=\"lazy\" width=\"1024\" height=\"768\" src=\"https:\/\/manu-trelaze.com\/wp-content\/uploads\/2023\/09\/Bel-Air-1024x768.jpg\" alt=\"\" class=\"wp-image-213714\" srcset=\"https:\/\/manu-trelaze.com\/wp-content\/uploads\/2023\/09\/Bel-Air-1024x768.jpg 1024w, https:\/\/manu-trelaze.com\/wp-content\/uploads\/2023\/09\/Bel-Air-980x735.jpg 980w, https:\/\/manu-trelaze.com\/wp-content\/uploads\/2023\/09\/Bel-Air-480x360.jpg 480w\" sizes=\"(min-width: 0px) and (max-width: 480px) 480px, (min-width: 481px) and (max-width: 980px) 980px, (min-width: 981px) 1024px, 100vw\" \/><\/figure>\n\n\n\n<p><br>Et bien d\u2019autres diss\u00e9min\u00e9es ici ou l\u00e0 dans la ville.<\/p>\n\n\n\n<p><\/p>\n\n\n\n<p><\/p>\n\n\n\n<p>Le site ardoisier dispose d&rsquo;une grande richesse de documents graphiques et techniques dont cette exceptionnelle carte de 1877.<\/p>\n\n\n\n<figure class=\"wp-block-image size-large\"><img loading=\"lazy\" width=\"1024\" height=\"683\" src=\"https:\/\/manu-trelaze.com\/wp-content\/uploads\/2023\/10\/DSCF9929-Copie-Copie-1024x683.jpg\" alt=\"\" class=\"wp-image-213740\" srcset=\"https:\/\/manu-trelaze.com\/wp-content\/uploads\/2023\/10\/DSCF9929-Copie-Copie-980x654.jpg 980w, https:\/\/manu-trelaze.com\/wp-content\/uploads\/2023\/10\/DSCF9929-Copie-Copie-480x320.jpg 480w\" sizes=\"(min-width: 0px) and (max-width: 480px) 480px, (min-width: 481px) and (max-width: 980px) 980px, (min-width: 981px) 1024px, 100vw\" \/><\/figure>\n\n\n\n<div class=\"wp-block-file\"><object class=\"wp-block-file__embed\" data=\"https:\/\/manu-trelaze.com\/wp-content\/uploads\/2023\/10\/Affiche-colloque-lardoise-et-lallumette.pdf\" type=\"application\/pdf\" style=\"width:100%;height:600px\" aria-label=\"Contenu embarqu\u00e9 Affiche colloque l'ardoise et l'allumette.\"><\/object><a id=\"wp-block-file--media-f135c041-de84-4b20-ad26-3c698188a4f4\" href=\"https:\/\/manu-trelaze.com\/wp-content\/uploads\/2023\/10\/Affiche-colloque-lardoise-et-lallumette.pdf\">Affiche colloque l&rsquo;ardoise et l&rsquo;allumette<\/a><a href=\"https:\/\/manu-trelaze.com\/wp-content\/uploads\/2023\/10\/Affiche-colloque-lardoise-et-lallumette.pdf\" class=\"wp-block-file__button\" download aria-describedby=\"wp-block-file--media-f135c041-de84-4b20-ad26-3c698188a4f4\">T\u00e9l\u00e9charger<\/a><\/div>\n","protected":false},"excerpt":{"rendered":"<p>Les mineurs et leur famille venant travailler \u00e0 Tr\u00e9laz\u00e9 arrivaient souvent de Bretagne. C\u2019\u00e9tait des gens tr\u00e8s pauvres et ils habitaient dans des maisons de fortune construites en schistes, regroup\u00e9es en hameaux \u00e0 proximit\u00e9 de leur mine et de leurs ateliers.On retrouve encore les traces de ces hameaux \u00e0 la Por\u00e9e, \u00e0 l\u2019Enfer, \u00e0 l\u2019Union [&hellip;]<\/p>\n","protected":false},"author":1,"featured_media":0,"parent":0,"menu_order":0,"comment_status":"closed","ping_status":"closed","template":"","meta":{"_et_pb_use_builder":"off","_et_pb_old_content":"","_et_gb_content_width":""},"yoast_head":"<!-- This site is optimized with the Yoast SEO plugin v19.13 - https:\/\/yoast.com\/wordpress\/plugins\/seo\/ -->\n<title>Les cit\u00e9s mini\u00e8res de Tr\u00e9laz\u00e9 - Les Amis du Patrimoine Tr\u00e9laz\u00e9en<\/title>\n<meta name=\"robots\" content=\"index, follow, max-snippet:-1, max-image-preview:large, max-video-preview:-1\" \/>\n<link rel=\"canonical\" href=\"https:\/\/manu-trelaze.com\/index.php\/les-cites-minieres-de-trelaze\/\" \/>\n<meta property=\"og:locale\" content=\"fr_FR\" \/>\n<meta property=\"og:type\" content=\"article\" \/>\n<meta property=\"og:title\" content=\"Les cit\u00e9s mini\u00e8res de Tr\u00e9laz\u00e9 - Les Amis du Patrimoine Tr\u00e9laz\u00e9en\" \/>\n<meta property=\"og:description\" content=\"Les mineurs et leur famille venant travailler \u00e0 Tr\u00e9laz\u00e9 arrivaient souvent de Bretagne. C\u2019\u00e9tait des gens tr\u00e8s pauvres et ils habitaient dans des maisons de fortune construites en schistes, regroup\u00e9es en hameaux \u00e0 proximit\u00e9 de leur mine et de leurs ateliers.On retrouve encore les traces de ces hameaux \u00e0 la Por\u00e9e, \u00e0 l\u2019Enfer, \u00e0 l\u2019Union [&hellip;]\" \/>\n<meta property=\"og:url\" content=\"https:\/\/manu-trelaze.com\/index.php\/les-cites-minieres-de-trelaze\/\" \/>\n<meta property=\"og:site_name\" content=\"Les Amis du Patrimoine Tr\u00e9laz\u00e9en\" \/>\n<meta property=\"article:modified_time\" content=\"2023-10-09T20:04:11+00:00\" \/>\n<meta property=\"og:image\" content=\"https:\/\/manu-trelaze.com\/wp-content\/uploads\/2023\/09\/Favereaux-1024x576.jpg\" \/>\n<meta name=\"twitter:card\" content=\"summary_large_image\" \/>\n<meta name=\"twitter:label1\" content=\"Dur\u00e9e de lecture estim\u00e9e\" \/>\n\t<meta name=\"twitter:data1\" content=\"3 minutes\" \/>\n<script type=\"application\/ld+json\" class=\"yoast-schema-graph\">{\"@context\":\"https:\/\/schema.org\",\"@graph\":[{\"@type\":\"WebPage\",\"@id\":\"https:\/\/manu-trelaze.com\/index.php\/les-cites-minieres-de-trelaze\/\",\"url\":\"https:\/\/manu-trelaze.com\/index.php\/les-cites-minieres-de-trelaze\/\",\"name\":\"Les cit\u00e9s mini\u00e8res de Tr\u00e9laz\u00e9 - Les Amis du Patrimoine Tr\u00e9laz\u00e9en\",\"isPartOf\":{\"@id\":\"https:\/\/manu-trelaze.com\/#website\"},\"datePublished\":\"2023-09-24T08:00:55+00:00\",\"dateModified\":\"2023-10-09T20:04:11+00:00\",\"breadcrumb\":{\"@id\":\"https:\/\/manu-trelaze.com\/index.php\/les-cites-minieres-de-trelaze\/#breadcrumb\"},\"inLanguage\":\"fr-FR\",\"potentialAction\":[{\"@type\":\"ReadAction\",\"target\":[\"https:\/\/manu-trelaze.com\/index.php\/les-cites-minieres-de-trelaze\/\"]}]},{\"@type\":\"BreadcrumbList\",\"@id\":\"https:\/\/manu-trelaze.com\/index.php\/les-cites-minieres-de-trelaze\/#breadcrumb\",\"itemListElement\":[{\"@type\":\"ListItem\",\"position\":1,\"name\":\"Accueil\",\"item\":\"https:\/\/manu-trelaze.com\/\"},{\"@type\":\"ListItem\",\"position\":2,\"name\":\"Les cit\u00e9s mini\u00e8res de Tr\u00e9laz\u00e9\"}]},{\"@type\":\"WebSite\",\"@id\":\"https:\/\/manu-trelaze.com\/#website\",\"url\":\"https:\/\/manu-trelaze.com\/\",\"name\":\"Les Amis du Patrimoine Tr\u00e9laz\u00e9en\",\"description\":\"Les Amis du Patrimoine Tr\u00e9laz\u00e9en\",\"potentialAction\":[{\"@type\":\"SearchAction\",\"target\":{\"@type\":\"EntryPoint\",\"urlTemplate\":\"https:\/\/manu-trelaze.com\/?s={search_term_string}\"},\"query-input\":\"required name=search_term_string\"}],\"inLanguage\":\"fr-FR\"}]}<\/script>\n<!-- \/ Yoast SEO plugin. -->","yoast_head_json":{"title":"Les cit\u00e9s mini\u00e8res de Tr\u00e9laz\u00e9 - Les Amis du Patrimoine Tr\u00e9laz\u00e9en","robots":{"index":"index","follow":"follow","max-snippet":"max-snippet:-1","max-image-preview":"max-image-preview:large","max-video-preview":"max-video-preview:-1"},"canonical":"https:\/\/manu-trelaze.com\/index.php\/les-cites-minieres-de-trelaze\/","og_locale":"fr_FR","og_type":"article","og_title":"Les cit\u00e9s mini\u00e8res de Tr\u00e9laz\u00e9 - Les Amis du Patrimoine Tr\u00e9laz\u00e9en","og_description":"Les mineurs et leur famille venant travailler \u00e0 Tr\u00e9laz\u00e9 arrivaient souvent de Bretagne. C\u2019\u00e9tait des gens tr\u00e8s pauvres et ils habitaient dans des maisons de fortune construites en schistes, regroup\u00e9es en hameaux \u00e0 proximit\u00e9 de leur mine et de leurs ateliers.On retrouve encore les traces de ces hameaux \u00e0 la Por\u00e9e, \u00e0 l\u2019Enfer, \u00e0 l\u2019Union [&hellip;]","og_url":"https:\/\/manu-trelaze.com\/index.php\/les-cites-minieres-de-trelaze\/","og_site_name":"Les Amis du Patrimoine Tr\u00e9laz\u00e9en","article_modified_time":"2023-10-09T20:04:11+00:00","og_image":[{"url":"https:\/\/manu-trelaze.com\/wp-content\/uploads\/2023\/09\/Favereaux-1024x576.jpg"}],"twitter_card":"summary_large_image","twitter_misc":{"Dur\u00e9e de lecture estim\u00e9e":"3 minutes"},"schema":{"@context":"https:\/\/schema.org","@graph":[{"@type":"WebPage","@id":"https:\/\/manu-trelaze.com\/index.php\/les-cites-minieres-de-trelaze\/","url":"https:\/\/manu-trelaze.com\/index.php\/les-cites-minieres-de-trelaze\/","name":"Les cit\u00e9s mini\u00e8res de Tr\u00e9laz\u00e9 - Les Amis du Patrimoine Tr\u00e9laz\u00e9en","isPartOf":{"@id":"https:\/\/manu-trelaze.com\/#website"},"datePublished":"2023-09-24T08:00:55+00:00","dateModified":"2023-10-09T20:04:11+00:00","breadcrumb":{"@id":"https:\/\/manu-trelaze.com\/index.php\/les-cites-minieres-de-trelaze\/#breadcrumb"},"inLanguage":"fr-FR","potentialAction":[{"@type":"ReadAction","target":["https:\/\/manu-trelaze.com\/index.php\/les-cites-minieres-de-trelaze\/"]}]},{"@type":"BreadcrumbList","@id":"https:\/\/manu-trelaze.com\/index.php\/les-cites-minieres-de-trelaze\/#breadcrumb","itemListElement":[{"@type":"ListItem","position":1,"name":"Accueil","item":"https:\/\/manu-trelaze.com\/"},{"@type":"ListItem","position":2,"name":"Les cit\u00e9s mini\u00e8res de Tr\u00e9laz\u00e9"}]},{"@type":"WebSite","@id":"https:\/\/manu-trelaze.com\/#website","url":"https:\/\/manu-trelaze.com\/","name":"Les Amis du Patrimoine Tr\u00e9laz\u00e9en","description":"Les Amis du Patrimoine Tr\u00e9laz\u00e9en","potentialAction":[{"@type":"SearchAction","target":{"@type":"EntryPoint","urlTemplate":"https:\/\/manu-trelaze.com\/?s={search_term_string}"},"query-input":"required name=search_term_string"}],"inLanguage":"fr-FR"}]}},"_links":{"self":[{"href":"https:\/\/manu-trelaze.com\/index.php\/wp-json\/wp\/v2\/pages\/213713"}],"collection":[{"href":"https:\/\/manu-trelaze.com\/index.php\/wp-json\/wp\/v2\/pages"}],"about":[{"href":"https:\/\/manu-trelaze.com\/index.php\/wp-json\/wp\/v2\/types\/page"}],"author":[{"embeddable":true,"href":"https:\/\/manu-trelaze.com\/index.php\/wp-json\/wp\/v2\/users\/1"}],"replies":[{"embeddable":true,"href":"https:\/\/manu-trelaze.com\/index.php\/wp-json\/wp\/v2\/comments?post=213713"}],"version-history":[{"count":2,"href":"https:\/\/manu-trelaze.com\/index.php\/wp-json\/wp\/v2\/pages\/213713\/revisions"}],"predecessor-version":[{"id":213742,"href":"https:\/\/manu-trelaze.com\/index.php\/wp-json\/wp\/v2\/pages\/213713\/revisions\/213742"}],"wp:attachment":[{"href":"https:\/\/manu-trelaze.com\/index.php\/wp-json\/wp\/v2\/media?parent=213713"}],"curies":[{"name":"wp","href":"https:\/\/api.w.org\/{rel}","templated":true}]}}